{"id":2,"date":"2014-09-05T04:41:07","date_gmt":"2014-09-05T04:41:07","guid":{"rendered":"http:\/\/localhost\/wordpress-4.0\/wordpress\/?page_id=2"},"modified":"2026-08-27T11:12:32","modified_gmt":"2026-08-27T11:12:32","slug":"pagina-en-construccion-2","status":"publish","type":"page","link":"https:\/\/atencionplenagetafe.es\/","title":{"rendered":"Pr\u00f3ximas actividades"},"content":{"rendered":"<p><em>Programa de ocho semanas de duraci\u00f3n. Una sesi\u00f3n semanal. Cada sesi\u00f3n tiene una duraci\u00f3n aproximada de tres horas y consta de una parte pr\u00e1ctica, otra parte te\u00f3rica y un espacio para dialogar y compartir experiencias. Para personas mayores de 18 a\u00f1os en buen estado de salud f\u00edsica y psicol\u00f3gica.<\/em><br \/>\n<em>Las solicitudes de inscripci\u00f3n se realizar\u00e1n en los centros correspondientes o en la p\u00e1gina web <strong><a href=\"https:\/\/ocio.getafe.es\/\" target=\"_blank\" rel=\"noopener noreferrer\">https:\/\/ocio.getafe.es<\/a><\/strong><\/em><br \/>\n<span style=\"color: #ffffff;\">.<\/span><\/p>\n<h1 style=\"text-align: center;\"><strong><span style=\"color: #000000;\">CURSO 2026 &#8211; 2027<\/span><\/strong><\/h1>\n<p><span style=\"color: #ffffff;\">.<\/span><\/p>\n<p><strong>OCTUBRE &#8211; NOVIEMBRE DE 2026<\/strong><\/p>\n<p><strong>Centro C\u00edvico El Bercial<\/strong><br \/>\nFechas: del 5 de octubre al 23 de noviembre<br \/>\nHorario: lunes de 17:00 a 20:00 hs<br \/>\nInformaci\u00f3n e inscripciones: Centro C\u00edvico El Bercial. Avenida de Buenos Aires, 2<br \/>\nTel\u00e9fono: 91 202 79 93<\/p>\n<p><strong>Centro C\u00edvico Alh\u00f3ndiga<\/strong><br \/>\nFechas: del 7 de octubre al 25 de noviembre<br \/>\nHorario: mi\u00e9rcoles de 17:00 a 20:00 hs<br \/>\nInformaci\u00f3n e inscripciones: Centro C\u00edvico Alh\u00f3ndiga. C\/ Jilguero, 1<br \/>\nTel\u00e9fono: 91 202 79 88<\/p>\n<p><strong>Centro C\u00edvico Getafe Norte<\/strong><br \/>\nFechas: del 9 de octubre al 27 de noviembre<br \/>\nHorario: viernes de 17:00 a 20:00 hs.<br \/>\nInformaci\u00f3n e inscripciones: Centro C\u00edvico Getafe Norte. Av. Rigoberta Mench\u00fa, 4,<br \/>\nTel\u00e9fono: 91 202 79 95<\/p>\n<p><strong>ENERO \u2013 MARZO DE 2027<\/strong><\/p>\n<p><strong>Centro C\u00edvico Juan de la Cierva<\/strong><br \/>\nFechas: del 12 de enero al 2 de marzo<br \/>\nHorario: martes de 10:00 a 13:00 hs.<br \/>\nInformaci\u00f3n e inscripciones: Centro C\u00edvico Juan de la Cierva. Plaza de las Provincias, s\/n<br \/>\nTel\u00e9fono: 91 202 79 86<\/p>\n<p><strong>Centro C\u00edvico Getafe Norte<\/strong><br \/>\nFechas: del 13 de enero al 3 de marzo<br \/>\nHorario: mi\u00e9rcoles de 17:00 a 20:00 hs.<br \/>\nInformaci\u00f3n e inscripciones: Centro C\u00edvico Getafe Norte. Av. Rigoberta Mench\u00fa, 4,<br \/>\nTel\u00e9fono: 91 202 79 95<\/p>\n<p><strong>Centro C\u00edvico San Isidro<\/strong><br \/>\nFechas: del 14 de enero al 4 de marzo<br \/>\nHorario: jueves de 17:00 a 20:00 hs<br \/>\nInformaci\u00f3n e inscripciones: Centro C\u00edvico. San Isidro. C\/ Leoncio Rojas, 18<br \/>\nTel\u00e9fono: 91 202 79 85<\/p>\n<p><strong>ABRIL &#8211; MAYO 2027<\/strong><\/p>\n<p><strong>Centro C\u00edvico El Bercial<\/strong><br \/>\nFechas: del 5 de abril al 24 de mayo<br \/>\nHorario: lunes de 17:00 a 20:00 hs<br \/>\nInformaci\u00f3n e inscripciones: Centro C\u00edvico El Bercial. Avenida de Buenos Aires, 2<br \/>\nTel\u00e9fono: 91 202 79 93<\/p>\n<p><strong>Centro C\u00edvico Sector III<\/strong><br \/>\nFechas: del 31 de marzo al 19 de mayo<br \/>\nHorario: mi\u00e9rcoles de 10:00 a 13:00 hs.<br \/>\nInformaci\u00f3n e inscripciones: Centro C\u00edvico Sector 3. Av. de las Arcas del Agua, 1<br \/>\nTel\u00e9fono: 91 202 79 87<\/p>\n<p>&#8212;&#8212;-<\/p>\n<p><strong>GRUPO DE PR\u00c1CTICA MENSUAL<\/strong><\/p>\n<p>Un lugar de encuentro para favorecer el sostenimiento de la pr\u00e1ctica individual y para compartir vivencias y experiencias desde la perspectiva de la Atenci\u00f3n Plena. Los encuentros se realizan un s\u00e1bado por la ma\u00f1ana al mes, entre las 11:00 y las 14:00 hs. La condici\u00f3n para participar en el grupo es la de haber asistido a alg\u00fan taller de Atenci\u00f3n Plena o a alg\u00fan curso de meditaci\u00f3n, o bien tener consolidada una pr\u00e1ctica personal de meditaci\u00f3n.<\/p>\n<p><strong>Pr\u00f3ximos encuentros: <\/strong>Pendiente de confirmar<br \/>\n<span style=\"color: #ffffff;\">.<\/span><br \/>\n<strong>M\u00e1s informaci\u00f3n<\/strong>: <a href=\"mailto:info@atencionplenagetafe.es\">info@atencionplenagetafe.es<\/a><\/p>\n<p><strong>&#8212;&#8212;-<\/strong><\/p>\n<p><strong><a href=\"http:\/\/www.visionintegral.com.ar\/02_menu_secundario\/03_publicaciones\/uno_mismo_estres.htm\">Entrevista con Jon Kabat-Zinn <\/a><\/strong>en la Revista Uno Mismo.<br \/>\n<a href=\"http:\/\/www.abc.es\/20110127\/ciencia\/abci-ocho-semanas-meditacion-pueden-201101271127.html\"><strong>Ocho semanas de meditaci\u00f3n pueden cambiar el cerebro.<\/strong><\/a> Art\u00edculo publicado en ABC sobre los beneficios de la meditaci\u00f3n en el cerebro.<br \/>\n<strong><a href=\"https:\/\/www.youtube.com\/watch?v=m8rRzTtP7Tc\"><span id=\"result_box\" class=\"\" lang=\"es\"><span class=\"hps\">C\u00f3mo<\/span> <span class=\"hps\">la meditaci\u00f3n<\/span> <span class=\"hps\">puede remodelar<\/span> n<span class=\"hps\">uestros<\/span> <span class=\"hps\">cerebros<\/span><\/span><\/a><\/strong>. Conferencia de Sara Lazar explicando los resultados de la investigaci\u00f3n sobre los cambios producidos en el cerebro tras ocho semanas de meditaci\u00f3n.<\/p>\n","protected":false},"excerpt":{"rendered":"<p>Programa de ocho semanas de duraci\u00f3n. Una sesi\u00f3n semanal. Cada sesi\u00f3n tiene una duraci\u00f3n aproximada de tres horas y consta de una parte pr\u00e1ctica, otra parte te\u00f3rica y un espacio para dialogar y compartir experiencias. Para personas mayores de 18 &hellip; <a href=\"https:\/\/atencionplenagetafe.es\/\">Sigue leyendo <span class=\"meta-nav\">&rarr;<\/span><\/a><\/p>\n","protected":false},"author":1,"featured_media":0,"parent":0,"menu_order":0,"comment_status":"closed","ping_status":"closed","template":"","meta":{"footnotes":""},"class_list":["post-2","page","type-page","status-publish","hentry"],"_links":{"self":[{"href":"https:\/\/atencionplenagetafe.es\/index.php?rest_route=\/wp\/v2\/pages\/2","targetHints":{"allow":["GET"]}}],"collection":[{"href":"https:\/\/atencionplenagetafe.es\/index.php?rest_route=\/wp\/v2\/pages"}],"about":[{"href":"https:\/\/atencionplenagetafe.es\/index.php?rest_route=\/wp\/v2\/types\/page"}],"author":[{"embeddable":true,"href":"https:\/\/atencionplenagetafe.es\/index.php?rest_route=\/wp\/v2\/users\/1"}],"replies":[{"embeddable":true,"href":"https:\/\/atencionplenagetafe.es\/index.php?rest_route=%2Fwp%2Fv2%2Fcomments&post=2"}],"version-history":[{"count":285,"href":"https:\/\/atencionplenagetafe.es\/index.php?rest_route=\/wp\/v2\/pages\/2\/revisions"}],"predecessor-version":[{"id":898,"href":"https:\/\/atencionplenagetafe.es\/index.php?rest_route=\/wp\/v2\/pages\/2\/revisions\/898"}],"wp:attachment":[{"href":"https:\/\/atencionplenagetafe.es\/index.php?rest_route=%2Fwp%2Fv2%2Fmedia&parent=2"}],"curies":[{"name":"wp","href":"https:\/\/api.w.org\/{rel}","templated":true}]}}